{"id":31129,"date":"2022-02-22T08:57:56","date_gmt":"2022-02-22T07:57:56","guid":{"rendered":"https:\/\/www.oficinadearte.com\/?page_id=31129"},"modified":"2022-02-22T12:24:17","modified_gmt":"2022-02-22T11:24:17","slug":"kit-digital","status":"publish","type":"page","link":"https:\/\/www.oficinadearte.com\/es\/kit-digital\/","title":{"rendered":"Kit Digital"},"content":{"rendered":"<div class=\"wpb-content-wrapper\"><p>[vc_row el_id=\u00bbtitular-diseno\u00bb][vc_column][vc_single_image image=\u00bb31126&#8243; img_size=\u00bbfull\u00bb][\/vc_column][\/vc_row][vc_row][vc_column][vc_column_text]<\/p>\n<h1 style=\"text-align: left;\">kit digital<span style=\"letter-spacing: -10px;\"> _<\/span><\/h1>\n<p>[\/vc_column_text][\/vc_column][\/vc_row][vc_row el_id=\u00bbintro-diseno\u00bb][vc_column]<div class=\"clearboth\"><\/div><style>#thegem-divider-69f51ab61b3a6 {margin-bottom: 60px !important;}<\/style><div id=\"thegem-divider-69f51ab61b3a6\" class=\"gem-divider  \" style=\"\" ><\/div>[vc_column_text el_class=\u00bbintro-cabecera\u00bb]<\/p>\n<h2 class=\"h3\">\u00bfQu\u00e9 es el Kit Digital?<\/h2>\n<div><strong>El Kit Digital es una iniciativa del Gobierno de Espa\u00f1a,<\/strong>\u00a0que tiene como objetivo subvencionar la implantaci\u00f3n de soluciones digitales disponibles en el mercado para conseguir un avance significativo en el nivel de madurez digital.<\/div>\n<p>[\/vc_column_text]<div class=\"clearboth\"><\/div><style>#thegem-divider-69f51ab61b3fa {margin-bottom: 60px !important;}<\/style><div id=\"thegem-divider-69f51ab61b3fa\" class=\"gem-divider  \" style=\"\" ><\/div>[vc_column_text el_class=\u00bbintro-cabecera\u00bb]<\/p>\n<h2 class=\"h3\">\u00bfC\u00f3mo conseguir la subvenci\u00f3n Kit Digital?<\/h2>\n<div>Somos agentes digitalizadores y podemos ayudarte durante todo el proceso, sin ning\u00fan coste a\u00f1adido. Analizamos tus necesidades, estudiamos y realizamos un plan de actuaci\u00f3n. Preparamos toda la documentaci\u00f3n necesaria para la solicitud e implantamos la soluci\u00f3n en los plazos acordados.<\/div>\n<p>[\/vc_column_text]<div class=\"clearboth\"><\/div><style>#thegem-divider-69f51ab61b433 {margin-bottom: 60px !important;}<\/style><div id=\"thegem-divider-69f51ab61b433\" class=\"gem-divider  \" style=\"\" ><\/div>[vc_column_text el_class=\u00bbintro-cabecera\u00bb]<\/p>\n<h2 class=\"h3\">\u00bfPor qu\u00e9 Oficina de Arte?<\/h2>\n<p>Bas\u00e1ndonos en el conocimiento de las necesidades propias de cada cliente y en las demandas del usuario, en Oficina de Arte realizamos el dise\u00f1o y desarrollo web de p\u00e1ginas corporativas y tiendas online. Construimos la arquitectura del website y estructuramos sus contenidos. Analizamos los diferentes niveles de importancia y jerarquizamos la informaci\u00f3n, para construir el mapa web y trabajar en un dise\u00f1o web que aporte coherencia, utilidad y funcionalidad al conjunto.<br \/>\nCuidamos especialmente el dise\u00f1o gr\u00e1fico, el aspecto visual y prestamos especial atenci\u00f3n a los detalles relativos a la usabilidad, experiencia de usuario y accesibilidad, para aportar valor respecto a las dem\u00e1s webs. Ponemos a prueba el trabajo y corregimos. Una vez pulido se hace p\u00fablico. Testeamos y medimos. Este m\u00e9todo nos garantiza una calidad brillante y que nuestro cliente alcance sus objetivos.[\/vc_column_text]<div class=\"clearboth\"><\/div><style>#thegem-divider-69f51ab61b468 {margin-bottom: 60px !important;}<\/style><div id=\"thegem-divider-69f51ab61b468\" class=\"gem-divider  \" style=\"\" ><\/div>[\/vc_column][\/vc_row][vc_row full_width=\u00bbstretch_row_content_no_spaces\u00bb el_id=\u00bbcolumnas-imagenes-texto\u00bb css=\u00bb.vc_custom_1645522357325{margin-bottom: 60px !important;}\u00bb][vc_column][vc_row_inner][vc_column_inner width=\u00bb1\/2&#8243; offset=\u00bbvc_col-lg-6 vc_col-md-6&#8243;][vc_single_image image=\u00bb30593&#8243; img_size=\u00bblarge\u00bb alignment=\u00bbright\u00bb css=\u00bb.vc_custom_1645519673505{margin-top: 0px !important;margin-right: 0px !important;margin-bottom: 0px !important;margin-left: 0px !important;}\u00bb el_class=\u00bbancho-maximo-800&#8243;][\/vc_column_inner][vc_column_inner width=\u00bb1\/2&#8243; offset=\u00bbvc_col-lg-6 vc_col-md-6&#8243;][vc_single_image image=\u00bb31119&#8243; img_size=\u00bbmedium\u00bb el_class=\u00bbcolumna-derecha-max-760&#8243; css=\u00bb.vc_custom_1645521265854{margin-right: 40px !important;margin-left: 40px !important;}\u00bb][vc_column_text css=\u00bb.vc_custom_1645524723477{margin-right: 40px !important;margin-left: 40px !important;}\u00bb el_class=\u00bbcolumna-derecha-max-760&#8243;]SITIO WEB Y PRESENCIA EN INTERNET<\/p>\n<h2>kit web corporativa_<\/h2>\n<p>[\/vc_column_text][vc_column_text css=\u00bb.vc_custom_1645520480440{margin-right: 40px !important;margin-left: 40px !important;}\u00bb el_class=\u00bbcolumna-derecha-max-760&#8243;]Toda empresa o instituci\u00f3n deber\u00eda tener una web corporativa profesional. Este tipo de p\u00e1ginas no est\u00e1 orientado a la venta, sino a ofrecer informaci\u00f3n sobre la entidad y a crear imagen de marca en el mundo online. Por lo tanto, s\u00ed que est\u00e1 al servicio de los objetivos e intereses de la empresa, transmite a los usuarios sus valores, constituye una v\u00eda de captaci\u00f3n de nuevos clientes y expansi\u00f3n del negocio. A su vez, sirve como canal de comunicaci\u00f3n entre la empresa y sus clientes potenciales, creando un enlace de comunicaci\u00f3n efectiva entre la marca y su p\u00fablico.<\/p>\n<p>&#8211; Dise\u00f1o propio y a medida (nada de plantillas)<br \/>\n&#8211; Totalmente optimizado<br \/>\n&#8211; Editor de contenidos<br \/>\n&#8211; Asesoramiento<br \/>\n&#8211; Soporte<br \/>\n&#8211; Mantenimiento<\/p>\n<p><em>Precio: desde 2.200\u20ac<\/em>[\/vc_column_text]<div class=\"clearboth\"><\/div><style>#thegem-divider-69f51ab61b499 {margin-top: 80px !important;}<\/style><div id=\"thegem-divider-69f51ab61b499\" class=\"gem-divider  \" style=\"\" ><\/div>[\/vc_column_inner][\/vc_row_inner][vc_row_inner][vc_column_inner width=\u00bb1\/2&#8243; offset=\u00bbvc_col-lg-6 vc_col-md-6&#8243;][vc_single_image image=\u00bb31119&#8243; img_size=\u00bbmedium\u00bb alignment=\u00bbright\u00bb el_class=\u00bbcolumna-derecha-max-760&#8243; css=\u00bb.vc_custom_1645522988158{margin-right: 40px !important;margin-left: 40px !important;}\u00bb][vc_column_text css=\u00bb.vc_custom_1645524772540{margin-right: 40px !important;margin-left: 40px !important;}\u00bb el_class=\u00bbcolumna-izquierda-max-760&#8243;]<\/p>\n<p style=\"text-align: right;\">COMERCIO ELECTR\u00d3NICO<\/p>\n<h2 style=\"text-align: right;\">kit tienda online_<\/h2>\n<p>[\/vc_column_text][vc_column_text css=\u00bb.vc_custom_1645529053953{margin-right: 40px !important;margin-left: 40px !important;}\u00bb el_class=\u00bbcolumna-izquierda-max-760&#8243;]<\/p>\n<p style=\"text-align: right;\">Son la soluci\u00f3n ideal para aquellas empresas que quieren alcanzar un mayor n\u00famero de clientes e incrementar sus ventas mediante el comercio electr\u00f3nico o eCommerce. Las tiendas onlines son p\u00e1ginas concebidas para vender y vender solas. Su dise\u00f1o y desarrollo web est\u00e1n orientados a conseguir un incremento de las ventas y a facilitar el proceso de compra. Son m\u00faltiples las ventajas que, especialmente el peque\u00f1o negocio, puede obtener con un eCommerce, como vender en un mercado global abierto 24 horas al d\u00eda los 7 d\u00edas de la semana, agilizar el ciclo de venta o reducir gastos.<\/p>\n<p style=\"text-align: right;\">&#8211; Dise\u00f1o propio y a medida (nada de plantillas)<br \/>\n&#8211; Totalmente optimizado<br \/>\n&#8211; Editor de contenidos<br \/>\n&#8211; Gesti\u00f3n de tienda<br \/>\n&#8211; Asesoramiento<br \/>\n&#8211; Soporte<br \/>\n&#8211; Mantenimiento<\/p>\n<p style=\"text-align: right;\"><em>Precio: desde 2.800\u20ac<\/em><\/p>\n<p>[\/vc_column_text]<div class=\"clearboth\"><\/div><style>#thegem-divider-69f51ab61b4c9 {margin-top: 120px !important;}<\/style><div id=\"thegem-divider-69f51ab61b4c9\" class=\"gem-divider  \" style=\"\" ><\/div>[\/vc_column_inner][vc_column_inner width=\u00bb1\/2&#8243; offset=\u00bbvc_col-lg-6 vc_col-md-6&#8243;][vc_single_image image=\u00bb30810&#8243; img_size=\u00bblarge\u00bb css=\u00bb.vc_custom_1645520391489{margin-top: 0px !important;margin-right: 0px !important;margin-bottom: 0px !important;margin-left: 0px !important;}\u00bb el_class=\u00bbancho-maximo-800&#8243;][\/vc_column_inner][\/vc_row_inner][\/vc_column][\/vc_row][vc_row][vc_column]<div class=\"clearboth\"><\/div><style>#thegem-divider-69f51ab61b4f6 {margin-bottom: 30px !important;}<\/style><div id=\"thegem-divider-69f51ab61b4f6\" class=\"gem-divider  \" style=\"\" ><\/div>[vc_column_text el_class=\u00bbintro-cabecera\u00bb]<\/p>\n<h2 class=\"h3\">Requisitos para solicitar la ayuda<\/h2>\n<p>Ser una peque\u00f1a empresa, microempresa o aut\u00f3nomo; no se puede tener consideraci\u00f3n de empresa en crisis y debe estar al corriente de las obligaciones tributarias y frente a la Seguridad Social.[\/vc_column_text]<div class=\"clearboth\"><\/div><style>#thegem-divider-69f51ab61b521 {margin-bottom: 30px !important;}<\/style><div id=\"thegem-divider-69f51ab61b521\" class=\"gem-divider  \" style=\"\" ><\/div>[vc_column_text el_class=\u00bbintro-cabecera\u00bb]<\/p>\n<h2 class=\"h3\">Numero de servicios que se pueden contratar<\/h2>\n<p>Tantos servicios como necesites, dentro de las categor\u00edas contempladas en el programa, en nuestro caso Web corporativa y tienda online, y ajust\u00e1ndote a las limitaciones estipuladas seg\u00fan cada segmento de empresa e importes subvencionables.[\/vc_column_text]<div class=\"clearboth\"><\/div><style>#thegem-divider-69f51ab61b54b {margin-bottom: 30px !important;}<\/style><div id=\"thegem-divider-69f51ab61b54b\" class=\"gem-divider  \" style=\"\" ><\/div>[vc_column_text el_class=\u00bbintro-cabecera\u00bb]<\/p>\n<h2 class=\"h3\">Plazo de solicitud de subvenci\u00f3n<\/h2>\n<p>La primera convocatoria se abrir\u00e1 en febrero de 2022, dirigida a empresas entre 10 y 49 empleados.<br \/>\nPosteriormente se abrir\u00e1 otra convocatoria para microempresas y aut\u00f3nomos.[\/vc_column_text]<div class=\"clearboth\"><\/div><style>#thegem-divider-69f51ab61b574 {margin-bottom: 30px !important;}<\/style><div id=\"thegem-divider-69f51ab61b574\" class=\"gem-divider  \" style=\"\" ><\/div>[vc_column_text el_class=\u00bbintro-cabecera\u00bb]<\/p>\n<h2 class=\"h3\">Cantidad subvencionada<\/h2>\n<p>La cantidad subvencionada ser\u00e1 de 12.000 euros para el Segmento I*; 6.000 euros para el Segmento II*; y de 2.000 euros para el Segmento III*. Nuestro trabajo es a medida, por lo que puede que supere esas cantidades, a\u00fan trat\u00e1ndose de un pack b\u00e1sico. Si uno o varios de los servicios sobrepasan el importe m\u00e1ximo de la subvenci\u00f3n, se facturar\u00e1 la diferencia de forma independiente al bono Kit Digital, con lo que su web o tienda online puede ser una web de calidad y no estar limitada por los importes subvencionados.<\/p>\n<p>*<em>La orden de bases establece tres segmentos de beneficiarios por n\u00famero de empleados: (1) Segmento I Peque\u00f1as empresas de entre 10 y menos de 50 empleados; (2) Segmento II Peque\u00f1as empresas o Microempresas de entre 3 y menos de 10 empleados; (3) Segmento III Peque\u00f1as empresas o Microempresas de entre 0 y menos de 3 empleados. Las personas en situaci\u00f3n de autoempleo se consideran incluidos en todos los segmentos, en funci\u00f3n del n\u00famero de trabajadores que tenga contratados.<\/em>[\/vc_column_text]<style type=\"text\/css\">.thegem-button-69f51ab61b6243086 .gem-button svg {fill: #000000;}.thegem-button-69f51ab61b6243086 .gem-button:hover svg {fill: #ffffff;}<\/style><div class=\"gem-button-container gem-button-position-left thegem-button-69f51ab61b6243086    \"  ><a title=\"BOE KIT DIGITAL\" class=\"gem-button gem-button-size-small gem-button-style-outline gem-button-text-weight-normal gem-button-border-1 gem-button-icon-position-left\" data-ll-effect=\"drop-right-without-wrap\" style=\"border-radius: 0px;border-color: #000000;color: #000000;\" onmouseleave=\"this.style.borderColor='#000000';this.style.backgroundColor='transparent';this.style.color='#000000';\" onmouseenter=\"this.style.borderColor='#000000';this.style.backgroundColor='#000000';this.style.color='#ffffff';\" href=\"https:\/\/www.oficinadearte.com\/wp-content\/uploads\/2022\/02\/BOE-A-2021-21873.pdf\" target=\"_blank\"><i class=\"gem-print-icon gem-icon-pack-fontawesome \">&#xf016;<\/i>DESCARGAR INFORMACI\u00d3N COMPLETA<\/a><\/div> <div class=\"clearboth\"><\/div><style>#thegem-divider-69f51ab61b66f {margin-bottom: 60px !important;}<\/style><div id=\"thegem-divider-69f51ab61b66f\" class=\"gem-divider  \" style=\"\" ><\/div>[\/vc_column][\/vc_row][vc_row full_width=\u00bbstretch_row\u00bb css=\u00bb.vc_custom_1521971273013{padding-top: 80px !important;padding-bottom: 80px !important;background-color: #b00060 !important;}\u00bb][vc_column width=\u00bb1\/2&#8243;][vc_column_text]<\/p>\n<h2><span style=\"color: #ffffff;\">si te parece interesante, contacta con oficina de arte_<\/span><\/h2>\n<p>[\/vc_column_text][vc_column_text]<span style=\"color: #ffffff;\">Estamos encantados de escucharte, informarte y asesorarte. Si tienes alg\u00fan comentario, sugerencia o proyecto es un buen momento para expresarte.<\/span><br \/>\n<span style=\"color: #ffffff;\">\u00a1Contacta con Oficina de Arte!<\/span>[\/vc_column_text][\/vc_column][vc_column width=\u00bb1\/2&#8243;]\n<div class=\"wpcf7 no-js\" id=\"wpcf7-f27587-o1\" lang=\"es-ES\" dir=\"ltr\" data-wpcf7-id=\"27587\">\n<div class=\"screen-reader-response\"><p role=\"status\" aria-live=\"polite\" aria-atomic=\"true\"><\/p> <ul><\/ul><\/div>\n<form action=\"\/es\/wp-json\/wp\/v2\/pages\/31129#wpcf7-f27587-o1\" method=\"post\" class=\"wpcf7-form init\" aria-label=\"Formulario de contacto\" novalidate=\"novalidate\" data-status=\"init\">\n<fieldset class=\"hidden-fields-container\"><input type=\"hidden\" name=\"_wpcf7\" value=\"27587\" \/><input type=\"hidden\" name=\"_wpcf7_version\" value=\"6.1.4\" \/><input type=\"hidden\" name=\"_wpcf7_locale\" value=\"es_ES\" \/><input type=\"hidden\" name=\"_wpcf7_unit_tag\" value=\"wpcf7-f27587-o1\" \/><input type=\"hidden\" name=\"_wpcf7_container_post\" value=\"0\" \/><input type=\"hidden\" name=\"_wpcf7_posted_data_hash\" value=\"\" \/><input type=\"hidden\" name=\"_wpcf7_recaptcha_response\" value=\"\" \/>\n<\/fieldset>\n<div class='contact-form-style-5'>\n<p><span class=\"wpcf7-form-control-wrap\" data-name=\"your-name\"><input size=\"40\" maxlength=\"400\" class=\"wpcf7-form-control wpcf7-text wpcf7-validates-as-required\" aria-required=\"true\" aria-invalid=\"false\" placeholder=\"Nombre*\" value=\"\" type=\"text\" name=\"your-name\" \/><\/span><\/p>\n\n<p><span class=\"wpcf7-form-control-wrap\" data-name=\"email\"><input size=\"40\" maxlength=\"400\" class=\"wpcf7-form-control wpcf7-email wpcf7-validates-as-required wpcf7-text wpcf7-validates-as-email\" aria-required=\"true\" aria-invalid=\"false\" placeholder=\"Email*\" value=\"\" type=\"email\" name=\"email\" \/><\/span> <\/p>\n\n<p><span class=\"wpcf7-form-control-wrap\" data-name=\"tel\"><input size=\"40\" maxlength=\"400\" class=\"wpcf7-form-control wpcf7-tel wpcf7-text wpcf7-validates-as-tel\" aria-invalid=\"false\" placeholder=\"Tel\u00e9fono\" value=\"\" type=\"tel\" name=\"tel\" \/><\/span> <\/p>\n\n<p><span class=\"wpcf7-form-control-wrap\" data-name=\"your-subject\"><input size=\"40\" maxlength=\"400\" class=\"wpcf7-form-control wpcf7-text\" aria-invalid=\"false\" placeholder=\"Asunto\" value=\"\" type=\"text\" name=\"your-subject\" \/><\/span> <\/p>\n\n<p><span class=\"wpcf7-form-control-wrap\" data-name=\"Messege\"><textarea cols=\"40\" rows=\"5\" maxlength=\"2000\" class=\"wpcf7-form-control wpcf7-textarea wpcf7-validates-as-required\" aria-required=\"true\" aria-invalid=\"false\" placeholder=\"Mensaje*\" name=\"Messege\"><\/textarea><\/span> <\/p>\n\n\n<input class=\"wpcf7-form-control wpcf7-submit has-spinner\" type=\"submit\" value=\"Enviar mensaje\" \/>\n<\/div>\n<div style=\"color: #ffffff;\">\n<h5 style=\"color: #ffffff;\">Informaci\u00f3n b\u00e1sica sobre protecci\u00f3n de datos<\/h5>\n<strong>Responsable<\/strong>\nTus datos ser\u00e1n tratados por Oficina de Arte y Comunicaci\u00f3n, S.L. como responsable.\n<strong>Finalidad<\/strong>\nLa finalidad es enviarte nuestros newsletters de Oficina de Arte y Empacke y poder responder a tus dudas o sugerencias, establecer, si llegara el momento, una relaci\u00f3n comercial y darte informaci\u00f3n detallada sobre nuestros servicios.\n<strong>Legitimaci\u00f3n<\/strong>\nAl pulsar el bot\u00f3n de confirmaci\u00f3n, o hacer clic en la casilla de aceptaci\u00f3n, est\u00e1s dando tu leg\u00edtimo consentimiento para que tus datos sean tratados de acuerdo a la finalidad indicada.\n<strong>Destinatarios<\/strong>\nSe comunicar\u00e1n datos a terceros para poder llevar a cabo la finalidad objeto indicada. En ning\u00fan caso se ceder\u00e1n datos a terceros para finalidades diferentes a las descritas. Los datos facilitados est\u00e1n ubicados en el servidor alojado en el proveedor OVH, con localizaci\u00f3n f\u00edsica en Francia, en el Data Center GRA-1, y en los servidores de CPC Servicios Inform\u00e1ticos Aplicados a Nuevas Tecnolog\u00edas S.L., titular de nuestro proveedor de email marketing, garantizando las empresas unos niveles de seguridad adecuados.\n<strong>Derechos<\/strong>\nPodr\u00e1s ejercer tus derechos de acceso, rectificaci\u00f3n, limitaci\u00f3n o suprimir los datos solicit\u00e1ndolo en el email: oficina@oficinadearte.com, o dirigiendo tu solicitud a Oficina de Arte, c\/ Manufactura, 1, 2\u00ba, izqda. Mairena del Aljarafe. SEVILLA, acreditando debidamente tu identidad.\n* Puedes consultar nuestra pol\u00edtica de privacidad aqu\u00ed: <a style=\"text-decoration: underline; color: #ffffff;\" href=\"\/es\/aviso-legal-y-politica-de-privacidad\">POL\u00cdTICA DE PRIVACIDAD.<\/a>\n<\/div><div class=\"wpcf7-response-output\" aria-hidden=\"true\"><\/div>\n<\/form>\n<\/div>\n[\/vc_column][\/vc_row]<\/p>\n<\/div>","protected":false},"excerpt":{"rendered":"<p>[vc_row el_id=\u00bbtitular-diseno\u00bb][vc_column][vc_single_image image=\u00bb31126&#8243; img_size=\u00bbfull\u00bb][\/vc_column][\/vc_row][vc_row][vc_column][vc_column_text] kit digital _ [\/vc_column_text][\/vc_column][\/vc_row][vc_row el_id=\u00bbintro-diseno\u00bb][vc_column][vc_column_text el_class=\u00bbintro-cabecera\u00bb] \u00bfQu\u00e9 es el Kit Digital? El Kit Digital es una&#8230;<\/p>\n","protected":false},"author":1,"featured_media":0,"parent":0,"menu_order":0,"comment_status":"closed","ping_status":"closed","template":"","meta":{"footnotes":""},"class_list":["post-31129","page","type-page","status-publish"],"yoast_head":"<!-- This site is optimized with the Yoast SEO plugin v26.6 - https:\/\/yoast.com\/wordpress\/plugins\/seo\/ -->\n<title>Dise\u00f1o y desarrollo web | Oficina de Arte | \u00bfEmpezamos hoy?<\/title>\n<meta name=\"description\" content=\"En Oficina de Arte, estudio de dise\u00f1o y desarrollo web en Sevilla, creamos webs corporativas y tiendas online. Webs personalizadas, seguras y f\u00e1ciles de usar, optimizadas para el posicionamiento, f\u00e1cilmente escalables en el futuro y sin preocupaciones por su mantenimiento. \u00a1Web para todos en todos los dispositivos!\" \/>\n<meta name=\"robots\" content=\"index, follow, max-snippet:-1, max-image-preview:large, max-video-preview:-1\" \/>\n<link rel=\"canonical\" href=\"https:\/\/www.oficinadearte.com\/es\/kit-digital\/\" \/>\n<meta property=\"og:locale\" content=\"es_ES\" \/>\n<meta property=\"og:type\" content=\"article\" \/>\n<meta property=\"og:title\" content=\"Dise\u00f1o y desarrollo web | Oficina de Arte | \u00bfEmpezamos hoy?\" \/>\n<meta property=\"og:description\" content=\"En Oficina de Arte, estudio de dise\u00f1o y desarrollo web en Sevilla, creamos webs corporativas y tiendas online. Webs personalizadas, seguras y f\u00e1ciles de usar, optimizadas para el posicionamiento, f\u00e1cilmente escalables en el futuro y sin preocupaciones por su mantenimiento. \u00a1Web para todos en todos los dispositivos!\" \/>\n<meta property=\"og:url\" content=\"https:\/\/www.oficinadearte.com\/es\/kit-digital\/\" \/>\n<meta property=\"og:site_name\" content=\"Oficina de Arte\" \/>\n<meta property=\"article:modified_time\" content=\"2022-02-22T11:24:17+00:00\" \/>\n<meta name=\"twitter:card\" content=\"summary_large_image\" \/>\n<meta name=\"twitter:label1\" content=\"Tiempo de lectura\" \/>\n\t<meta name=\"twitter:data1\" content=\"5 minutos\" \/>\n<script type=\"application\/ld+json\" class=\"yoast-schema-graph\">{\"@context\":\"https:\/\/schema.org\",\"@graph\":[{\"@type\":\"WebPage\",\"@id\":\"https:\/\/www.oficinadearte.com\/es\/kit-digital\/\",\"url\":\"https:\/\/www.oficinadearte.com\/es\/kit-digital\/\",\"name\":\"Dise\u00f1o y desarrollo web | Oficina de Arte | \u00bfEmpezamos hoy?\",\"isPartOf\":{\"@id\":\"https:\/\/www.oficinadearte.com\/es\/#website\"},\"datePublished\":\"2022-02-22T07:57:56+00:00\",\"dateModified\":\"2022-02-22T11:24:17+00:00\",\"description\":\"En Oficina de Arte, estudio de dise\u00f1o y desarrollo web en Sevilla, creamos webs corporativas y tiendas online. Webs personalizadas, seguras y f\u00e1ciles de usar, optimizadas para el posicionamiento, f\u00e1cilmente escalables en el futuro y sin preocupaciones por su mantenimiento. \u00a1Web para todos en todos los dispositivos!\",\"breadcrumb\":{\"@id\":\"https:\/\/www.oficinadearte.com\/es\/kit-digital\/#breadcrumb\"},\"inLanguage\":\"es\",\"potentialAction\":[{\"@type\":\"ReadAction\",\"target\":[\"https:\/\/www.oficinadearte.com\/es\/kit-digital\/\"]}]},{\"@type\":\"BreadcrumbList\",\"@id\":\"https:\/\/www.oficinadearte.com\/es\/kit-digital\/#breadcrumb\",\"itemListElement\":[{\"@type\":\"ListItem\",\"position\":1,\"name\":\"Portada\",\"item\":\"https:\/\/www.oficinadearte.com\/es\/\"},{\"@type\":\"ListItem\",\"position\":2,\"name\":\"Kit Digital\"}]},{\"@type\":\"WebSite\",\"@id\":\"https:\/\/www.oficinadearte.com\/es\/#website\",\"url\":\"https:\/\/www.oficinadearte.com\/es\/\",\"name\":\"Oficina de Arte\",\"description\":\"Agencia de Dise\u00f1o Gr\u00e1fico\",\"potentialAction\":[{\"@type\":\"SearchAction\",\"target\":{\"@type\":\"EntryPoint\",\"urlTemplate\":\"https:\/\/www.oficinadearte.com\/es\/?s={search_term_string}\"},\"query-input\":{\"@type\":\"PropertyValueSpecification\",\"valueRequired\":true,\"valueName\":\"search_term_string\"}}],\"inLanguage\":\"es\"}]}<\/script>\n<!-- \/ Yoast SEO plugin. -->","yoast_head_json":{"title":"Dise\u00f1o y desarrollo web | Oficina de Arte | \u00bfEmpezamos hoy?","description":"En Oficina de Arte, estudio de dise\u00f1o y desarrollo web en Sevilla, creamos webs corporativas y tiendas online. Webs personalizadas, seguras y f\u00e1ciles de usar, optimizadas para el posicionamiento, f\u00e1cilmente escalables en el futuro y sin preocupaciones por su mantenimiento. \u00a1Web para todos en todos los dispositivos!","robots":{"index":"index","follow":"follow","max-snippet":"max-snippet:-1","max-image-preview":"max-image-preview:large","max-video-preview":"max-video-preview:-1"},"canonical":"https:\/\/www.oficinadearte.com\/es\/kit-digital\/","og_locale":"es_ES","og_type":"article","og_title":"Dise\u00f1o y desarrollo web | Oficina de Arte | \u00bfEmpezamos hoy?","og_description":"En Oficina de Arte, estudio de dise\u00f1o y desarrollo web en Sevilla, creamos webs corporativas y tiendas online. Webs personalizadas, seguras y f\u00e1ciles de usar, optimizadas para el posicionamiento, f\u00e1cilmente escalables en el futuro y sin preocupaciones por su mantenimiento. \u00a1Web para todos en todos los dispositivos!","og_url":"https:\/\/www.oficinadearte.com\/es\/kit-digital\/","og_site_name":"Oficina de Arte","article_modified_time":"2022-02-22T11:24:17+00:00","twitter_card":"summary_large_image","twitter_misc":{"Tiempo de lectura":"5 minutos"},"schema":{"@context":"https:\/\/schema.org","@graph":[{"@type":"WebPage","@id":"https:\/\/www.oficinadearte.com\/es\/kit-digital\/","url":"https:\/\/www.oficinadearte.com\/es\/kit-digital\/","name":"Dise\u00f1o y desarrollo web | Oficina de Arte | \u00bfEmpezamos hoy?","isPartOf":{"@id":"https:\/\/www.oficinadearte.com\/es\/#website"},"datePublished":"2022-02-22T07:57:56+00:00","dateModified":"2022-02-22T11:24:17+00:00","description":"En Oficina de Arte, estudio de dise\u00f1o y desarrollo web en Sevilla, creamos webs corporativas y tiendas online. Webs personalizadas, seguras y f\u00e1ciles de usar, optimizadas para el posicionamiento, f\u00e1cilmente escalables en el futuro y sin preocupaciones por su mantenimiento. \u00a1Web para todos en todos los dispositivos!","breadcrumb":{"@id":"https:\/\/www.oficinadearte.com\/es\/kit-digital\/#breadcrumb"},"inLanguage":"es","potentialAction":[{"@type":"ReadAction","target":["https:\/\/www.oficinadearte.com\/es\/kit-digital\/"]}]},{"@type":"BreadcrumbList","@id":"https:\/\/www.oficinadearte.com\/es\/kit-digital\/#breadcrumb","itemListElement":[{"@type":"ListItem","position":1,"name":"Portada","item":"https:\/\/www.oficinadearte.com\/es\/"},{"@type":"ListItem","position":2,"name":"Kit Digital"}]},{"@type":"WebSite","@id":"https:\/\/www.oficinadearte.com\/es\/#website","url":"https:\/\/www.oficinadearte.com\/es\/","name":"Oficina de Arte","description":"Agencia de Dise\u00f1o Gr\u00e1fico","potentialAction":[{"@type":"SearchAction","target":{"@type":"EntryPoint","urlTemplate":"https:\/\/www.oficinadearte.com\/es\/?s={search_term_string}"},"query-input":{"@type":"PropertyValueSpecification","valueRequired":true,"valueName":"search_term_string"}}],"inLanguage":"es"}]}},"_links":{"self":[{"href":"https:\/\/www.oficinadearte.com\/es\/wp-json\/wp\/v2\/pages\/31129","targetHints":{"allow":["GET"]}}],"collection":[{"href":"https:\/\/www.oficinadearte.com\/es\/wp-json\/wp\/v2\/pages"}],"about":[{"href":"https:\/\/www.oficinadearte.com\/es\/wp-json\/wp\/v2\/types\/page"}],"author":[{"embeddable":true,"href":"https:\/\/www.oficinadearte.com\/es\/wp-json\/wp\/v2\/users\/1"}],"replies":[{"embeddable":true,"href":"https:\/\/www.oficinadearte.com\/es\/wp-json\/wp\/v2\/comments?post=31129"}],"version-history":[{"count":27,"href":"https:\/\/www.oficinadearte.com\/es\/wp-json\/wp\/v2\/pages\/31129\/revisions"}],"predecessor-version":[{"id":31161,"href":"https:\/\/www.oficinadearte.com\/es\/wp-json\/wp\/v2\/pages\/31129\/revisions\/31161"}],"wp:attachment":[{"href":"https:\/\/www.oficinadearte.com\/es\/wp-json\/wp\/v2\/media?parent=31129"}],"curies":[{"name":"wp","href":"https:\/\/api.w.org\/{rel}","templated":true}]}}